{"id":4772,"date":"2024-04-26T20:17:52","date_gmt":"2024-04-26T19:17:52","guid":{"rendered":"https:\/\/mitibags.com\/?post_type=product&#038;p=4772"},"modified":"2024-04-26T22:01:28","modified_gmt":"2024-04-26T21:01:28","slug":"maraja-lenco-seda-mala","status":"publish","type":"product","link":"https:\/\/mitibags.com\/pt-pt\/product\/acessorios-para-malas\/lencos-para-malas\/maraja-lenco-seda-mala\/","title":{"rendered":"Maraj\u00e1 Len\u00e7o de Seda para Mala"},"content":{"rendered":"<p>Adicione um toque de luxo e eleg\u00e2ncia \u00e0 sua mala com um len\u00e7o de seda.<\/p>\n<p>O nosso Len\u00e7o Maraj\u00e1, com um padr\u00e3o oriental e floral e tons de azul, amarelo, vermelho e laranja \u00e9 feito com seda pura o que lhe confere uma suavidade e eleg\u00e2ncia indiscrit\u00edveis.<\/p>\n<p>Com um tamanho de <strong>125 cm de altura e 125 cm de largura<\/strong>, o Maraj\u00e1 Len\u00e7o de Seda para Mala pode ser usado para dar um toque de luxo \u00e0 sua nova mala, mas, como qualquer outro len\u00e7o, pode tamb\u00e9m ser usado ao pesco\u00e7o, dando um toque de cor e eleg\u00e2ncia ao seu look.<\/p>\n<p>Se procura acess\u00f3rios para a sua mala convidamo-la a visitar a nossa, <a href=\"https:\/\/mitibags.com\/bag-accessories\/\">sec\u00e7\u00e3o de acess\u00f3rios<\/a> e a explorar todos os acess\u00f3rios que preparamos para si.<\/p>\n<p>&nbsp;<\/p>\n<p><strong>Tamanho: <\/strong>125&#215;125 cm<\/p>\n<p><strong>Material: <\/strong>100% Seda<\/p>\n<p><strong>Cor:<\/strong> Azul, amarelo, vermelho e laranja com padr\u00e3o floral e oriental<\/p>\n","protected":false},"excerpt":{"rendered":"<p>Adicione um toque de luxo e eleg\u00e2ncia \u00e0 sua mala com um len\u00e7o de seda.<\/p>\n<p>O nosso Len\u00e7o Maraj\u00e1, com um padr\u00e3o oriental e floral e tons de azul, amarelo, vermelho e laranja \u00e9 feito com seda pura o que lhe confere uma suavidade e eleg\u00e2ncia indiscrit\u00edveis.<\/p>\n<p>Com um tamanho de <strong>125 cm de altura e 125 cm de largura<\/strong>, o Maraj\u00e1 Len\u00e7o de Seda para Mala pode ser usado para dar um toque de luxo \u00e0 sua nova mala, mas, como qualquer outro len\u00e7o, pode tamb\u00e9m ser usado ao pesco\u00e7o dando um toque de cor e eleg\u00e2ncia ao seu look.<\/p>\n<p>Se procura acess\u00f3rios para a sua mala convidamo-la a visitar a nossa, <a href=\"https:\/\/mitibags.com\/bag-accessories\/\">Sec\u00e7\u00e3o de acess\u00f3rios<\/a> e a explorar todos os acess\u00f3rios que preparamos para si.<\/p>\n","protected":false},"featured_media":0,"comment_status":"open","ping_status":"closed","template":"","meta":[],"product_brand":[],"product_cat":[75],"product_tag":[239,240],"class_list":{"0":"post-4772","1":"product","2":"type-product","3":"status-publish","5":"product_cat-lencos-para-malas","6":"product_tag-lenco-para-malas","7":"product_tag-maraja-lenco-de-seda-para-mala","8":"tm-no-options","10":"first","11":"instock","12":"taxable","13":"shipping-taxable","14":"purchasable","15":"product-type-variable"},"_links":{"self":[{"href":"https:\/\/mitibags.com\/pt-pt\/wp-json\/wp\/v2\/product\/4772","targetHints":{"allow":["GET"]}}],"collection":[{"href":"https:\/\/mitibags.com\/pt-pt\/wp-json\/wp\/v2\/product"}],"about":[{"href":"https:\/\/mitibags.com\/pt-pt\/wp-json\/wp\/v2\/types\/product"}],"replies":[{"embeddable":true,"href":"https:\/\/mitibags.com\/pt-pt\/wp-json\/wp\/v2\/comments?post=4772"}],"version-history":[{"count":0,"href":"https:\/\/mitibags.com\/pt-pt\/wp-json\/wp\/v2\/product\/4772\/revisions"}],"wp:attachment":[{"href":"https:\/\/mitibags.com\/pt-pt\/wp-json\/wp\/v2\/media?parent=4772"}],"wp:term":[{"taxonomy":"product_brand","embeddable":true,"href":"https:\/\/mitibags.com\/pt-pt\/wp-json\/wp\/v2\/product_brand?post=4772"},{"taxonomy":"product_cat","embeddable":true,"href":"https:\/\/mitibags.com\/pt-pt\/wp-json\/wp\/v2\/product_cat?post=4772"},{"taxonomy":"product_tag","embeddable":true,"href":"https:\/\/mitibags.com\/pt-pt\/wp-json\/wp\/v2\/product_tag?post=4772"}],"curies":[{"name":"wp","href":"https:\/\/api.w.org\/{rel}","templated":true}]}}